{"id":769,"date":"2016-03-01T10:18:58","date_gmt":"2016-03-01T09:18:58","guid":{"rendered":"http:\/\/www.arbitrage-maritime.org\/CAMP-V3\/?page_id=769"},"modified":"2016-04-05T12:59:33","modified_gmt":"2016-04-05T11:59:33","slug":"tous-les-arbitres","status":"publish","type":"page","link":"https:\/\/www.arbitrage-maritime.org\/CAMP-V3\/les-arbitres\/tous-les-arbitres\/","title":{"rendered":"Tous les arbitres"},"content":{"rendered":"<style>\nstrong{\ncolor:#4C819A;\n}\nth, .tablepress thead th {\n    min-width: 60px;\n}\n.column-2{\nwidth: 150px;\n}\n.column-3{\nwidth: 80px;\n}\n.column-4{\nwidth: 80px;\n}\n.column-5{\nwidth: 360px;\n}\n.column-6{\nwidth: 360px;\n}\n<\/style>\n<p><strong>TOUS LES ARBITRES | <a href=\"..\/juristes\">JURISTES<\/a> | <a href=\"..\/praticiens\">PRATICIENS DU COMMERCE MARITIME<\/a> | <a href=\"..\/techniciens\">TECHNICIENS<\/a><\/strong><br \/>\n\n<table id=\"tablepress-8\" class=\"tablepress tablepress-id-8 tablepress-responsive\">\n<thead>\n<tr class=\"row-1\">\n\t<th class=\"column-1\">Nom\/Pr\u00e9nom<\/th><th class=\"column-2\">Inscription CAMP     <\/th><th class=\"column-3\">CV<\/th><th class=\"column-4\">Photo<\/th><th class=\"column-5\">Titre\/Fonction<\/th><th class=\"column-6\">Sp\u00e9cialit\u00e9s<\/th>\n<\/tr>\n<\/thead>\n<tbody class=\"row-striping row-hover\">\n<tr class=\"row-2\">\n\t<td class=\"column-1\">ATHANASSIOU Lia<\/td><td class=\"column-2\">2023<\/td><td class=\"column-3\"><a href=\"http:\/\/www.arbitrage-maritime.org\/CAMP-V3\/wp-content\/uploads\/2016\/02\/114.pdf\" target=\"_blank\" rel=\"noopener noreferrer\"><img loading=\"lazy\" decoding=\"async\" src=\"http:\/\/www.arbitrage-maritime.org\/CAMP-V3\/wp-content\/uploads\/2016\/02\/pdf.jpg\" alt=\"pdf\" width=\"25\" height=\"25\" class=\"alignnone size-full wp-image-384\" \/><\/a><\/td><td class=\"column-4\"><\/td><td class=\"column-5\">Avocate au Barreau du Pir\u00e9e<br \/>\nProfesseur de Droit Commercial &amp; Droit Maritime \u00e0 l\u2019Universit\u00e9 d\u2019Ath\u00e8nes<br \/>\nMembre Commission d\u2019experts OIT<br \/>\nPr\u00e9sidence Comit\u00e9 de R\u00e9forme L\u00e9gislative du Code grec de Droit Maritime<br \/>\nRepr\u00e9sentant du Minist\u00e8re de la Justice \u00e0 la CNUCED projet de convention \u00ab Judicial Sale of Ships \u00bb<br \/>\nDoctorat Paris-Ia Sorbonne<\/td><td class=\"column-6\">Contentieux maritime<br \/>\nContrats de transport<\/td>\n<\/tr>\n<tr class=\"row-3\">\n\t<td class=\"column-1\">AZ\u00c9BAZ\u00c9 Serge<\/td><td class=\"column-2\">2021<\/td><td class=\"column-3\"><a href=\"http:\/\/www.arbitrage-maritime.org\/CAMP-V3\/wp-content\/uploads\/2016\/02\/101.pdf\" target=\"_blank\" rel=\"noopener noreferrer\"><img loading=\"lazy\" decoding=\"async\" src=\"http:\/\/www.arbitrage-maritime.org\/CAMP-V3\/wp-content\/uploads\/2016\/02\/pdf.jpg\" alt=\"pdf\" width=\"25\" height=\"25\" class=\"alignnone size-full wp-image-384\" \/><\/a><\/td><td class=\"column-4\"><img loading=\"lazy\" decoding=\"async\" src=\"http:\/\/www.arbitrage-maritime.org\/CAMP-V3\/wp-content\/uploads\/2016\/02\/101.jpg\" alt=\"1\" width=\"50\" height=\"63\" class=\"alignnone size-full wp-image-381\" \/><\/td><td class=\"column-5\">Docteur  en Droit<br \/>\nEDHEC<br \/>\n<\/td><td class=\"column-6\">Contentieux maritime <br \/>\nContrats transport <br \/>\nAssurances maritimes<br \/>\n<\/td>\n<\/tr>\n<tr class=\"row-4\">\n\t<td class=\"column-1\">BAUDU Francis<\/td><td class=\"column-2\">1998<\/td><td class=\"column-3\"><a href=\"http:\/\/www.arbitrage-maritime.org\/CAMP-V3\/wp-content\/uploads\/2016\/02\/1.pdf\" target=\"_blank\" rel=\"noopener noreferrer\"><img loading=\"lazy\" decoding=\"async\" src=\"http:\/\/www.arbitrage-maritime.org\/CAMP-V3\/wp-content\/uploads\/2016\/02\/pdf.jpg\" alt=\"pdf\" width=\"25\" height=\"25\" class=\"alignnone size-full wp-image-384\" \/><\/a><br \/>\n<\/td><td class=\"column-4\"><img loading=\"lazy\" decoding=\"async\" src=\"http:\/\/www.arbitrage-maritime.org\/CAMP-V3\/wp-content\/uploads\/2016\/02\/1.jpg\" alt=\"1\" width=\"50\" height=\"63\" class=\"alignnone size-full wp-image-381\" \/><\/td><td class=\"column-5\">Ecole Sup\u00e9rieure de Commerce Paris <br \/>\nCourtier constructions neuves<br \/>\nMembre de l'Acad\u00e9mie de Marine<\/td><td class=\"column-6\">Affr\u00e8tements gaz <br \/>\nConstructions neuves<\/td>\n<\/tr>\n<tr class=\"row-5\">\n\t<td class=\"column-1\">BESNARD Mathias <\/td><td class=\"column-2\">2014<\/td><td class=\"column-3\"><\/td><td class=\"column-4\"><\/td><td class=\"column-5\">Ma\u00eetrise Droit des affaires<br \/>\nDESS Droit maritime <br \/>\nAvocat <br \/>\nDirecteur juridique adjoint CMA-CGM<\/td><td class=\"column-6\">Contentieux maritime<\/td>\n<\/tr>\n<tr class=\"row-6\">\n\t<td class=\"column-1\">BLIN Patrick<\/td><td class=\"column-2\">1996<\/td><td class=\"column-3\"><\/td><td class=\"column-4\"><\/td><td class=\"column-5\">Docteur en Droit <br \/>\nEx Affr\u00e8tement Elf <\/td><td class=\"column-6\">Exploitation lignes <br \/>\nAffr\u00e8tements p\u00e9trole<\/td>\n<\/tr>\n<tr class=\"row-7\">\n\t<td class=\"column-1\">BOISSON Philippe <br \/>\n<br \/>\n<\/td><td class=\"column-2\">1985<\/td><td class=\"column-3\"><a href=\"http:\/\/www.arbitrage-maritime.org\/CAMP-V3\/wp-content\/uploads\/2016\/02\/45.pdf\" target=\"_blank\" rel=\"noopener noreferrer\"><img loading=\"lazy\" decoding=\"async\" src=\"http:\/\/www.arbitrage-maritime.org\/CAMP-V3\/wp-content\/uploads\/2016\/02\/pdf.jpg\" alt=\"pdf\" width=\"25\" height=\"25\" class=\"alignnone size-full wp-image-384\" \/><\/a><br \/>\n<\/td><td class=\"column-4\"><img loading=\"lazy\" decoding=\"async\" src=\"http:\/\/www.arbitrage-maritime.org\/CAMP-V3\/wp-content\/uploads\/2016\/02\/45.jpg\" alt=\"1\" width=\"50\" height=\"63\" class=\"alignnone size-full wp-image-381\" \/><\/td><td class=\"column-5\">Docteur en Droit <br \/>\nConsultant Marine<br \/>\nEx Conseiller Juridique BV<\/td><td class=\"column-6\">Contentieux Marine<br \/>\nConstruction <br \/>\nR\u00e9paration navale<\/td>\n<\/tr>\n<tr class=\"row-8\">\n\t<td class=\"column-1\">BOLLAERT Denis <\/td><td class=\"column-2\">2008<\/td><td class=\"column-3\"><\/td><td class=\"column-4\"><\/td><td class=\"column-5\">BTS - TRADICOPA <br \/>\nResponsable affr\u00e8tements Soufflet<\/td><td class=\"column-6\">Contrat de vente <br \/>\nAffr\u00e8tements<\/td>\n<\/tr>\n<tr class=\"row-9\">\n\t<td class=\"column-1\">CACHARD Olivier <br \/>\n<br \/>\n<\/td><td class=\"column-2\">2007<\/td><td class=\"column-3\"><a href=\"http:\/\/www.arbitrage-maritime.org\/CAMP-V3\/wp-content\/uploads\/2016\/02\/43.pdf\" target=\"_blank\" rel=\"noopener noreferrer\"><img loading=\"lazy\" decoding=\"async\" src=\"http:\/\/www.arbitrage-maritime.org\/CAMP-V3\/wp-content\/uploads\/2016\/02\/pdf.jpg\" alt=\"pdf\" width=\"25\" height=\"25\" class=\"alignnone size-full wp-image-384\" \/><\/a><\/td><td class=\"column-4\"><img loading=\"lazy\" decoding=\"async\" src=\"http:\/\/www.arbitrage-maritime.org\/CAMP-V3\/wp-content\/uploads\/2016\/02\/43.jpg\" alt=\"1\" width=\"50\" height=\"63\" class=\"alignnone size-full wp-image-381\" \/><\/td><td class=\"column-5\">Professeur agr\u00e9g\u00e9 de Droit <br \/>\nDoyen de la facult\u00e9 de droit de Nancy<\/td><td class=\"column-6\">Contentieux maritime<\/td>\n<\/tr>\n<tr class=\"row-10\">\n\t<td class=\"column-1\">CHAPELET Matthieu<\/td><td class=\"column-2\">2017<\/td><td class=\"column-3\"><a href=\"http:\/\/www.arbitrage-maritime.org\/CAMP-V3\/wp-content\/uploads\/2016\/02\/90.pdf\" target=\"_blank\" rel=\"noopener noreferrer\"><img loading=\"lazy\" decoding=\"async\" src=\"http:\/\/www.arbitrage-maritime.org\/CAMP-V3\/wp-content\/uploads\/2016\/02\/pdf.jpg\" alt=\"pdf\" width=\"25\" height=\"25\" class=\"alignnone size-full wp-image-384\" \/><\/a><\/td><td class=\"column-4\"><img loading=\"lazy\" decoding=\"async\" src=\"http:\/\/www.arbitrage-maritime.org\/CAMP-V3\/wp-content\/uploads\/2016\/02\/90.jpg\" alt=\"1\" width=\"50\" height=\"63\" class=\"alignnone size-full wp-image-381\" \/><\/td><td class=\"column-5\">Ing\u00e9nieur ENSTA<br \/>\nCourtier maritime - Associ\u00e9 chez BRS<br \/>\nEx CMA-CGM (DryDock Senior Manager)<br \/>\nEx Petromarine (Technical manager)<br \/>\n<\/td><td class=\"column-6\">Constructions neuves <br \/>\nR\u00e9paration navale<\/td>\n<\/tr>\n<tr class=\"row-11\">\n\t<td class=\"column-1\">CHENEVAL Jean-Fran\u00e7ois <br \/>\n<\/td><td class=\"column-2\">2010<\/td><td class=\"column-3\"><a href=\"http:\/\/www.arbitrage-maritime.org\/CAMP-V3\/wp-content\/uploads\/2016\/02\/61.pdf\" target=\"_blank\" rel=\"noopener noreferrer\"><img loading=\"lazy\" decoding=\"async\" src=\"http:\/\/www.arbitrage-maritime.org\/CAMP-V3\/wp-content\/uploads\/2016\/02\/pdf.jpg\" alt=\"pdf\" width=\"25\" height=\"25\" class=\"alignnone size-full wp-image-384\" \/><\/a><\/td><td class=\"column-4\"><img loading=\"lazy\" decoding=\"async\" src=\"http:\/\/www.arbitrage-maritime.org\/CAMP-V3\/wp-content\/uploads\/2016\/02\/61.jpg\" alt=\"1\" width=\"50\" height=\"63\" class=\"alignnone size-full wp-image-381\" \/><\/td><td class=\"column-5\">Ex Directeur juridique STX France  (Construction Navale)<br \/>\nEx Directeur juridique - GEC ALSTOM -acb<br \/>\nEx Responsable sinistres - Cabinet Bess\u00e9<\/td><td class=\"column-6\">Contentieux maritime - Litiges construction navale - <br \/>\nAssurance maritime<\/td>\n<\/tr>\n<tr class=\"row-12\">\n\t<td class=\"column-1\">CORNUBERT Olivier <\/td><td class=\"column-2\">2002<\/td><td class=\"column-3\"><a href=\"http:\/\/www.arbitrage-maritime.org\/CAMP-V3\/wp-content\/uploads\/2016\/02\/32.pdf\" target=\"_blank\" rel=\"noopener noreferrer\"><img loading=\"lazy\" decoding=\"async\" src=\"http:\/\/www.arbitrage-maritime.org\/CAMP-V3\/wp-content\/uploads\/2016\/02\/pdf.jpg\" alt=\"pdf\" width=\"25\" height=\"25\" class=\"alignnone size-full wp-image-384\" \/><\/a><br \/>\n<\/td><td class=\"column-4\"><img loading=\"lazy\" decoding=\"async\" src=\"http:\/\/www.arbitrage-maritime.org\/CAMP-V3\/wp-content\/uploads\/2016\/02\/32.jpg\" alt=\"1\" width=\"50\" height=\"63\" class=\"alignnone size-full wp-image-381\" \/><\/td><td class=\"column-5\">GM civil <br \/>\nConsultant maritime<\/td><td class=\"column-6\">Construction et r\u00e9paration navale <br \/>\n(Grande plaisance, Fluvial, Commerce)<\/td>\n<\/tr>\n<tr class=\"row-13\">\n\t<td class=\"column-1\">DELEBECQUE Philippe <br \/>\n<\/td><td class=\"column-2\">1998<\/td><td class=\"column-3\"><a href=\"http:\/\/www.arbitrage-maritime.org\/CAMP-V3\/wp-content\/uploads\/2016\/02\/50.pdf\" target=\"_blank\" rel=\"noopener noreferrer\"><img loading=\"lazy\" decoding=\"async\" src=\"http:\/\/www.arbitrage-maritime.org\/CAMP-V3\/wp-content\/uploads\/2016\/02\/pdf.jpg\" alt=\"pdf\" width=\"25\" height=\"25\" class=\"alignnone size-full wp-image-384\" \/><\/a><\/td><td class=\"column-4\"><img loading=\"lazy\" decoding=\"async\" src=\"http:\/\/www.arbitrage-maritime.org\/CAMP-V3\/wp-content\/uploads\/2016\/02\/50.jpg\" alt=\"42\" width=\"50\" height=\"63\" class=\"alignnone size-full wp-image-381\" \/><\/td><td class=\"column-5\">Professeur agr\u00e9g\u00e9 de Droit <br \/>\nUniversit\u00e9 Paris <\/td><td class=\"column-6\">Contentieux maritime<\/td>\n<\/tr>\n<tr class=\"row-14\">\n\t<td class=\"column-1\">DIAGNE Alioune <br \/>\n<\/td><td class=\"column-2\">2011<\/td><td class=\"column-3\"><\/td><td class=\"column-4\"><\/td><td class=\"column-5\">DESS Commerce international <br \/>\nDESS Droit &amp; activit\u00e9s technologies maritimes <br \/>\nMa\u00eetrise droit priv\u00e9 <br \/>\nDirecteur g\u00e9n\u00e9ral AXA S\u00e9n\u00e9gal<br \/>\n<\/td><td class=\"column-6\">Contentieux maritime <br \/>\nContrats transport <br \/>\nAssurances maritimes <br \/>\nCommerce international<\/td>\n<\/tr>\n<tr class=\"row-15\">\n\t<td class=\"column-1\">DREYFUS Jean-Pierre <br \/>\n<\/td><td class=\"column-2\">1966<\/td><td class=\"column-3\"><a href=\"http:\/\/www.arbitrage-maritime.org\/CAMP-V3\/wp-content\/uploads\/2016\/02\/8.pdf\" target=\"_blank\" rel=\"noopener noreferrer\"><img loading=\"lazy\" decoding=\"async\" src=\"http:\/\/www.arbitrage-maritime.org\/CAMP-V3\/wp-content\/uploads\/2016\/02\/pdf.jpg\" alt=\"pdf\" width=\"25\" height=\"25\" class=\"alignnone size-full wp-image-384\" \/><\/a><\/td><td class=\"column-4\"><img loading=\"lazy\" decoding=\"async\" src=\"http:\/\/www.arbitrage-maritime.org\/CAMP-V3\/wp-content\/uploads\/2016\/02\/8.jpg\" alt=\"42\" width=\"50\" height=\"63\" class=\"alignnone size-full wp-image-381\" \/><\/td><td class=\"column-5\">G\u00e9rant Serain <\/td><td class=\"column-6\">Affr\u00e8tements<\/td>\n<\/tr>\n<tr class=\"row-16\">\n\t<td class=\"column-1\">EDER Bernard<\/td><td class=\"column-2\">2025<\/td><td class=\"column-3\"><\/td><td class=\"column-4\"><\/td><td class=\"column-5\">High Council<\/td><td class=\"column-6\">Contentieux maritimes<\/td>\n<\/tr>\n<tr class=\"row-17\">\n\t<td class=\"column-1\">FAGES Jean-Christian <br \/>\n<br \/>\n<\/td><td class=\"column-2\">2004<\/td><td class=\"column-3\"><\/td><td class=\"column-4\"><\/td><td class=\"column-5\">Licence Sciences Eco <br \/>\nGlobal head of execution<br \/>\nSierentz Global Merchants SA<br \/>\nex Gearbulk - LD N\u00e9goce <\/td><td class=\"column-6\">Exploitation navires <br \/>\nAffr\u00e8tements<\/td>\n<\/tr>\n<tr class=\"row-18\">\n\t<td class=\"column-1\">FAVAREL B\u00e9atrice<\/td><td class=\"column-2\">2019<\/td><td class=\"column-3\"><a href=\"http:\/\/www.arbitrage-maritime.org\/CAMP-V3\/wp-content\/uploads\/2016\/02\/98.pdf\" target=\"_blank\" rel=\"noopener noreferrer\"><img loading=\"lazy\" decoding=\"async\" src=\"http:\/\/www.arbitrage-maritime.org\/CAMP-V3\/wp-content\/uploads\/2016\/02\/pdf.jpg\" alt=\"pdf\" width=\"25\" height=\"25\" class=\"alignnone size-full wp-image-384\" \/><\/a><br \/>\n<\/td><td class=\"column-4\"><img loading=\"lazy\" decoding=\"async\" src=\"http:\/\/www.arbitrage-maritime.org\/CAMP-V3\/wp-content\/uploads\/2016\/02\/98.jpg\" alt=\"42\" width=\"50\" height=\"63\" class=\"alignnone size-full wp-image-381\" \/><\/td><td class=\"column-5\">Avocat maritime<\/td><td class=\"column-6\">Contentieux maritime<br \/>\nDroit social des marins<br \/>\nDroit de l'environnement<\/td>\n<\/tr>\n<tr class=\"row-19\">\n\t<td class=\"column-1\">GALLARD Florian <\/td><td class=\"column-2\">2013<\/td><td class=\"column-3\"><a href=\"http:\/\/www.arbitrage-maritime.org\/CAMP-V3\/wp-content\/uploads\/2016\/02\/83.pdf\" target=\"_blank\" rel=\"noopener noreferrer\"><img loading=\"lazy\" decoding=\"async\" src=\"http:\/\/www.arbitrage-maritime.org\/CAMP-V3\/wp-content\/uploads\/2016\/02\/pdf.jpg\" alt=\"pdf\" width=\"25\" height=\"25\" class=\"alignnone size-full wp-image-384\" \/><\/a><\/td><td class=\"column-4\"><img loading=\"lazy\" decoding=\"async\" src=\"http:\/\/www.arbitrage-maritime.org\/CAMP-V3\/wp-content\/uploads\/2016\/02\/83.jpg\" alt=\"42\" width=\"50\" height=\"63\" class=\"alignnone size-full wp-image-381\" \/><\/td><td class=\"column-5\">Responsable Affr\u00e8tement maritime <br \/>\nGranit N\u00e9goce<\/td><td class=\"column-6\">Affr\u00e8tements<\/td>\n<\/tr>\n<tr class=\"row-20\">\n\t<td class=\"column-1\">GARO Philippe <br \/>\n<br \/>\n<br \/>\n<br \/>\n<br \/>\n<\/td><td class=\"column-2\">2011<\/td><td class=\"column-3\"><\/td><td class=\"column-4\"><\/td><td class=\"column-5\">Docteur en Droit <br \/>\nDESS Droit maritime et transport <br \/>\nDirecteur Mc Leans SA<\/td><td class=\"column-6\">Contentieux maritime <br \/>\nP&amp;I Clubs <br \/>\nContrats transport <br \/>\nAffr\u00e8tement <br \/>\nAssurances maritimes<\/td>\n<\/tr>\n<tr class=\"row-21\">\n\t<td class=\"column-1\">G\u00c9RARD Ludovic<\/td><td class=\"column-2\">2021<\/td><td class=\"column-3\"><a href=\"http:\/\/www.arbitrage-maritime.org\/CAMP-V3\/wp-content\/uploads\/2016\/02\/103.pdf\" target=\"_blank\" rel=\"noopener noreferrer\"><img loading=\"lazy\" decoding=\"async\" src=\"http:\/\/www.arbitrage-maritime.org\/CAMP-V3\/wp-content\/uploads\/2016\/02\/pdf.jpg\" alt=\"pdf\" width=\"25\" height=\"25\" class=\"alignnone size-full wp-image-384\" \/><\/a><\/td><td class=\"column-4\"><img loading=\"lazy\" decoding=\"async\" src=\"http:\/\/www.arbitrage-maritime.org\/CAMP-V3\/wp-content\/uploads\/2016\/02\/103.jpg\" alt=\"1\" width=\"50\" height=\"63\" class=\"alignnone size-full wp-image-381\" \/><\/td><td class=\"column-5\">Direction G\u00e9n\u00e9rale Entreprises secteur maritime<br \/>\nIng\u00e9nieur ENSTA Paris<br \/>\nExecutive MBA, KEDGE Business School <br \/>\n<\/td><td class=\"column-6\">Constructions neuves <br \/>\nR\u00e9paration navale<\/td>\n<\/tr>\n<tr class=\"row-22\">\n\t<td class=\"column-1\">GODIN Philippe<\/td><td class=\"column-2\">2016<\/td><td class=\"column-3\"><\/td><td class=\"column-4\"><img loading=\"lazy\" decoding=\"async\" src=\"http:\/\/www.arbitrage-maritime.org\/CAMP-V3\/wp-content\/uploads\/2016\/02\/93.jpg\" alt=\"1\" width=\"50\" height=\"63\" class=\"alignnone size-full wp-image-381\" \/><\/td><td class=\"column-5\">Avocat (h) \u00e0 la Cour d'appel de Paris.<br \/>\nPr\u00e9sident Association Fran\u00e7aise de Droit Maritime (AFDM)<\/td><td class=\"column-6\">Contentieux maritime<br \/>\nCommission de transport<br \/>\nTransport multimodal<\/td>\n<\/tr>\n<tr class=\"row-23\">\n\t<td class=\"column-1\">HAMSHER Mark <br \/>\n<\/td><td class=\"column-2\">1987<\/td><td class=\"column-3\"><\/td><td class=\"column-4\"><\/td><td class=\"column-5\">Bachelor civil law <br \/>\nBarrister\/arbitre LMAA<br \/>\n<\/td><td class=\"column-6\">Assurances respons. <br \/>\nAffr\u00e8tements<\/td>\n<\/tr>\n<tr class=\"row-24\">\n\t<td class=\"column-1\">HELIGON Gilles <\/td><td class=\"column-2\">2001<\/td><td class=\"column-3\"><a href=\"http:\/\/www.arbitrage-maritime.org\/CAMP-V3\/wp-content\/uploads\/2016\/02\/52.pdf\" target=\"_blank\" rel=\"noopener noreferrer\"><img loading=\"lazy\" decoding=\"async\" src=\"http:\/\/www.arbitrage-maritime.org\/CAMP-V3\/wp-content\/uploads\/2016\/02\/pdf.jpg\" alt=\"pdf\" width=\"25\" height=\"25\" class=\"alignnone size-full wp-image-384\" \/><\/a><\/td><td class=\"column-4\"><img loading=\"lazy\" decoding=\"async\" src=\"http:\/\/www.arbitrage-maritime.org\/CAMP-V3\/wp-content\/uploads\/2016\/02\/52.jpg\" alt=\"52\" width=\"50\" height=\"63\" class=\"alignnone size-full wp-image-381\" \/><\/td><td class=\"column-5\">Ma\u00eetrise droit <br \/>\nDipl\u00f4me 3e cycle IAE <br \/>\nResponsable sinistres <br \/>\nmaritimes AXA<\/td><td class=\"column-6\">Contentieux maritime <br \/>\nContrats transport <br \/>\nAssurances maritimes<\/td>\n<\/tr>\n<tr class=\"row-25\">\n\t<td class=\"column-1\">H\u00dcBNER Christian <\/td><td class=\"column-2\">2007<\/td><td class=\"column-3\"><\/td><td class=\"column-4\"><\/td><td class=\"column-5\">DESS Transports internationaux - Avocat <br \/>\nEx P&amp;I Club Raets - France <br \/>\nEx Direction juridique AXA <br \/>\nEx Courtage d'assurance <\/td><td class=\"column-6\">Assurances corps et facult\u00e9s <br \/>\nContentieux maritimes<\/td>\n<\/tr>\n<tr class=\"row-26\">\n\t<td class=\"column-1\">JAMBU-MERLIN Olivier <\/td><td class=\"column-2\">1991<\/td><td class=\"column-3\"><a href=\"http:\/\/www.arbitrage-maritime.org\/CAMP-V3\/wp-content\/uploads\/2016\/02\/12.pdf\" target=\"_blank\" rel=\"noopener noreferrer\"><img loading=\"lazy\" decoding=\"async\" src=\"http:\/\/www.arbitrage-maritime.org\/CAMP-V3\/wp-content\/uploads\/2016\/02\/pdf.jpg\" alt=\"pdf\" width=\"25\" height=\"25\" class=\"alignnone size-full wp-image-384\" \/><\/a><\/td><td class=\"column-4\"><img loading=\"lazy\" decoding=\"async\" src=\"http:\/\/www.arbitrage-maritime.org\/CAMP-V3\/wp-content\/uploads\/2016\/02\/12.jpg\" alt=\"42\" width=\"50\" height=\"63\" class=\"alignnone size-full wp-image-381\" \/><\/td><td class=\"column-5\">DEA Droit priv\u00e9 <br \/>\n<\/td><td class=\"column-6\">Exploitation navires. <br \/>\nAffr\u00e8tements.<br \/>\nContrats Vente, achat et construction de navires.<\/td>\n<\/tr>\n<tr class=\"row-27\">\n\t<td class=\"column-1\">KACEM Ezzedine <br \/>\n<\/td><td class=\"column-2\">2015<\/td><td class=\"column-3\"><a href=\"http:\/\/www.arbitrage-maritime.org\/CAMP-V3\/wp-content\/uploads\/2016\/02\/88.pdf\" target=\"_blank\" rel=\"noopener noreferrer\"><img loading=\"lazy\" decoding=\"async\" src=\"http:\/\/www.arbitrage-maritime.org\/CAMP-V3\/wp-content\/uploads\/2016\/02\/pdf.jpg\" alt=\"pdf\" width=\"25\" height=\"25\" class=\"alignnone size-full wp-image-384\" \/><\/a><br \/>\n<\/td><td class=\"column-4\"><img loading=\"lazy\" decoding=\"async\" src=\"http:\/\/www.arbitrage-maritime.org\/CAMP-V3\/wp-content\/uploads\/2016\/02\/88.jpg\" alt=\"1\" width=\"50\" height=\"63\" class=\"alignnone size-full wp-image-381\" \/><\/td><td class=\"column-5\">Commandant de navires <br \/>\n3e cycle doctorat maritime et transport <br \/>\nExpert maritime en Tunisie<br \/>\nPr\u00e9sident fondateur du Cluster National maritime Tunisien<br \/>\nPr\u00e9sident Fondateur de l\u2019Union des Experts judiciaires Tunisiens <\/td><td class=\"column-6\">Ev\u00e9nements de mer <br \/>\nAvaries navires et cargaison<\/td>\n<\/tr>\n<tr class=\"row-28\">\n\t<td class=\"column-1\">KENDE Christopher<\/td><td class=\"column-2\">2020<\/td><td class=\"column-3\"><a href=\"http:\/\/www.arbitrage-maritime.org\/CAMP-V3\/wp-content\/uploads\/2016\/02\/99.pdf\" target=\"_blank\" rel=\"noopener noreferrer\"><img loading=\"lazy\" decoding=\"async\" src=\"http:\/\/www.arbitrage-maritime.org\/CAMP-V3\/wp-content\/uploads\/2016\/02\/pdf.jpg\" alt=\"pdf\" width=\"25\" height=\"25\" class=\"alignnone size-full wp-image-384\" \/><\/a><\/td><td class=\"column-4\"><img loading=\"lazy\" decoding=\"async\" src=\"http:\/\/www.arbitrage-maritime.org\/CAMP-V3\/wp-content\/uploads\/2016\/02\/99.jpg\" alt=\"42\" width=\"50\" height=\"63\" class=\"alignnone size-full wp-image-381\" \/><\/td><td class=\"column-5\">Avocat am\u00e9ricain<br \/>\nBA-MA, Brown University<br \/>\nJuris Doctor, New York University School of Law<br \/>\nProfesseur adjoint de droit maritime, Brooklyn Law School <\/td><td class=\"column-6\">Litiges maritimes<br \/>\nPollution et droit de l\u2019environnement<br \/>\nAssurances maritimes \/ R\u00e9assurance<br \/>\nAffr\u00e8tements<br \/>\nLe \u2018\u201dJones Act\"<br \/>\nR\u00e8glementation des paquebots aux USA selon le Federal Maritime Commission<br \/>\n<\/td>\n<\/tr>\n<tr class=\"row-29\">\n\t<td class=\"column-1\">LACAVE Jean-Marc<\/td><td class=\"column-2\">2022<\/td><td class=\"column-3\"><a href=\"http:\/\/www.arbitrage-maritime.org\/CAMP-V3\/wp-content\/uploads\/2016\/02\/105.pdf\" target=\"_blank\" rel=\"noopener noreferrer\"><img loading=\"lazy\" decoding=\"async\" src=\"http:\/\/www.arbitrage-maritime.org\/CAMP-V3\/wp-content\/uploads\/2016\/02\/pdf.jpg\" alt=\"pdf\" width=\"25\" height=\"25\" class=\"alignnone size-full wp-image-384\" \/><\/a><\/td><td class=\"column-4\"><img loading=\"lazy\" decoding=\"async\" src=\"http:\/\/www.arbitrage-maritime.org\/CAMP-V3\/wp-content\/uploads\/2016\/02\/105.jpg\" alt=\"1\" width=\"50\" height=\"63\" class=\"alignnone size-full wp-image-381\" \/><\/td><td class=\"column-5\">Ancien \u00e9l\u00e8ve de l'Ecole Polytechnique<br \/>\nIng\u00e9nieur des Ponts, des Eaux et des For\u00eats<\/td><td class=\"column-6\">Relations ports-armateurs<br \/>\nexploitation de navires<br \/>\nFinancements<br \/>\nEnvironnement<\/td>\n<\/tr>\n<tr class=\"row-30\">\n\t<td class=\"column-1\">LAFFAYE Jean-Pierre <\/td><td class=\"column-2\">1998<\/td><td class=\"column-3\"><a href=\"http:\/\/www.arbitrage-maritime.org\/CAMP-V3\/wp-content\/uploads\/2016\/02\/14.pdf\" target=\"_blank\" rel=\"noopener noreferrer\"><img loading=\"lazy\" decoding=\"async\" src=\"http:\/\/www.arbitrage-maritime.org\/CAMP-V3\/wp-content\/uploads\/2016\/02\/pdf.jpg\" alt=\"pdf\" width=\"25\" height=\"25\" class=\"alignnone size-full wp-image-384\" \/><\/a><\/td><td class=\"column-4\"><img loading=\"lazy\" decoding=\"async\" src=\"http:\/\/www.arbitrage-maritime.org\/CAMP-V3\/wp-content\/uploads\/2016\/02\/14.jpg\" alt=\"42\" width=\"50\" height=\"63\" class=\"alignnone size-full wp-image-381\" \/><\/td><td class=\"column-5\">Maitrise de gestion<br \/>\nDir. Ops Cetragpa<\/td><td class=\"column-6\">Exploitation navires <br \/>\nAffr\u00cbtements<\/td>\n<\/tr>\n<tr class=\"row-31\">\n\t<td class=\"column-1\">LAFFOUCRI\u00c8RE Fran\u00e7ois <br \/>\n<br \/>\n\t<br \/>\n<br \/>\n<br \/>\n<br \/>\n<\/td><td class=\"column-2\">2012<\/td><td class=\"column-3\"><a href=\"http:\/\/www.arbitrage-maritime.org\/CAMP-V3\/wp-content\/uploads\/2016\/02\/80.pdf\" target=\"_blank\" rel=\"noopener noreferrer\"><img loading=\"lazy\" decoding=\"async\" src=\"http:\/\/www.arbitrage-maritime.org\/CAMP-V3\/wp-content\/uploads\/2016\/02\/pdf.jpg\" alt=\"pdf\" width=\"25\" height=\"25\" class=\"alignnone size-full wp-image-384\" \/><\/a><\/td><td class=\"column-4\"><img loading=\"lazy\" decoding=\"async\" src=\"http:\/\/www.arbitrage-maritime.org\/CAMP-V3\/wp-content\/uploads\/2016\/02\/80.jpg\" alt=\"42\" width=\"50\" height=\"63\" class=\"alignnone size-full wp-image-381\" \/><\/td><td class=\"column-5\">Avocat<br \/>\nDocteur en Droit <br \/>\nMaster 2 Droit de la mer et Activit\u00e9s portuaires <br \/>\nC1NM <br \/>\nEx Pilote maritime Le Havre<\/td><td class=\"column-6\">\u00c9v\u00e9nements de mer<br \/>\nContentieux maritime <br \/>\nExploitation navires<br \/>\nOffshore, Croisi\u00e8re <br \/>\nVrac liquide, solide<br \/>\nPorte-conteneurs\t<\/td>\n<\/tr>\n<tr class=\"row-32\">\n\t<td class=\"column-1\">LAROQUE Herv\u00e9<\/td><td class=\"column-2\">2023<\/td><td class=\"column-3\"><a href=\"http:\/\/www.arbitrage-maritime.org\/CAMP-V3\/wp-content\/uploads\/2016\/02\/106.pdf\" target=\"_blank\" rel=\"noopener noreferrer\"><img loading=\"lazy\" decoding=\"async\" src=\"http:\/\/www.arbitrage-maritime.org\/CAMP-V3\/wp-content\/uploads\/2016\/02\/pdf.jpg\" alt=\"pdf\" width=\"25\" height=\"25\" class=\"alignnone size-full wp-image-384\" \/><\/a><\/td><td class=\"column-4\"><img decoding=\"async\" src=\"http:\/\/www.arbitrage-maritime.org\/CAMP-V3\/wp-content\/uploads\/2016\/02\/106.jpg\" alt=\"106\"  class=\"alignnone size-full wp-image-381\" \/><\/td><td class=\"column-5\">Avocat honoraire<br \/>\nDES Sciences criminelles<br \/>\nAncien Assistant \u00e0 la facult\u00e9 de droit de Paris 2<\/td><td class=\"column-6\">Contentieux maritime<\/td>\n<\/tr>\n<tr class=\"row-33\">\n\t<td class=\"column-1\">LEKOUARA Salim<\/td><td class=\"column-2\">2023<\/td><td class=\"column-3\"><\/td><td class=\"column-4\"><\/td><td class=\"column-5\">Repr\u00e9sentant P&amp;I Club en Alg\u00e9rie<\/td><td class=\"column-6\">Contentieux maritime<\/td>\n<\/tr>\n<tr class=\"row-34\">\n\t<td class=\"column-1\">LE LUYER Michel <\/td><td class=\"column-2\">2001<\/td><td class=\"column-3\"><a href=\"http:\/\/www.arbitrage-maritime.org\/CAMP-V3\/wp-content\/uploads\/2016\/02\/18.pdf\" target=\"_blank\" rel=\"noopener noreferrer\"><img loading=\"lazy\" decoding=\"async\" src=\"http:\/\/www.arbitrage-maritime.org\/CAMP-V3\/wp-content\/uploads\/2016\/02\/pdf.jpg\" alt=\"pdf\" width=\"25\" height=\"25\" class=\"alignnone size-full wp-image-384\" \/><\/a><\/td><td class=\"column-4\"><img loading=\"lazy\" decoding=\"async\" src=\"http:\/\/www.arbitrage-maritime.org\/CAMP-V3\/wp-content\/uploads\/2016\/02\/18.jpg\" alt=\"42\" width=\"50\" height=\"63\" class=\"alignnone size-full wp-image-381\" \/><\/td><td class=\"column-5\">C1NM - DESS Transports <br \/>\nEx Directeur Affr\u00e8tement Delmas <br \/>\nDirecteur D\u00e9veloppement Afrique de l'Est<\/td><td class=\"column-6\">Affr\u00e8tements<\/td>\n<\/tr>\n<tr class=\"row-35\">\n\t<td class=\"column-1\">MAOUENE Mostefa<\/td><td class=\"column-2\">2025<\/td><td class=\"column-3\"><a href=\"http:\/\/www.arbitrage-maritime.org\/CAMP-V3\/wp-content\/uploads\/2016\/02\/107.pdf\" target=\"_blank\" rel=\"noopener noreferrer\"><img loading=\"lazy\" decoding=\"async\" src=\"http:\/\/www.arbitrage-maritime.org\/CAMP-V3\/wp-content\/uploads\/2016\/02\/pdf.jpg\" alt=\"pdf\" width=\"25\" height=\"25\" class=\"alignnone size-full wp-image-384\" \/><\/a><\/td><td class=\"column-4\"><\/td><td class=\"column-5\">Professeur agr\u00e9g\u00e9 de Droit<br \/>\r\nUniversit\u00e9. , Alg\u00e9rie<\/td><td class=\"column-6\">Litiges maritimes<\/td>\n<\/tr>\n<tr class=\"row-36\">\n\t<td class=\"column-1\">MARCQ Jean-Patrick <br \/>\n<\/td><td class=\"column-2\">2003<\/td><td class=\"column-3\"><a href=\"http:\/\/www.arbitrage-maritime.org\/CAMP-V3\/wp-content\/uploads\/2016\/02\/54.pdf\" target=\"_blank\" rel=\"noopener noreferrer\"><img loading=\"lazy\" decoding=\"async\" src=\"http:\/\/www.arbitrage-maritime.org\/CAMP-V3\/wp-content\/uploads\/2016\/02\/pdf.jpg\" alt=\"pdf\" width=\"25\" height=\"25\" class=\"alignnone size-full wp-image-384\" \/><\/a><\/td><td class=\"column-4\"><img loading=\"lazy\" decoding=\"async\" src=\"http:\/\/www.arbitrage-maritime.org\/CAMP-V3\/wp-content\/uploads\/2016\/02\/54.jpg\" alt=\"54\" width=\"50\" height=\"63\" class=\"alignnone size-full wp-image-381\" \/><\/td><td class=\"column-5\">DESS \u00e9conomie <br \/>\nDEA droit maritime <br \/>\nAIG Ex Gras Savoye <br \/>\nEx Directeur CESAM<\/td><td class=\"column-6\">Assurances maritimes<\/td>\n<\/tr>\n<tr class=\"row-37\">\n\t<td class=\"column-1\">MAYEUX Pascal<\/td><td class=\"column-2\"><\/td><td class=\"column-3\"><a href=\"http:\/\/www.arbitrage-maritime.org\/CAMP-V3\/wp-content\/uploads\/2016\/02\/108.pdf\" target=\"_blank\" rel=\"noopener noreferrer\"><img loading=\"lazy\" decoding=\"async\" src=\"http:\/\/www.arbitrage-maritime.org\/CAMP-V3\/wp-content\/uploads\/2016\/02\/pdf.jpg\" alt=\"pdf\" width=\"25\" height=\"25\" class=\"alignnone size-full wp-image-384\" \/><\/a><\/td><td class=\"column-4\"><\/td><td class=\"column-5\">Responsable juridique adjoint<br \/>\nSoufflet N\u00e9goce by Invivo<\/td><td class=\"column-6\">Affr\u00e8tements maritimes<\/td>\n<\/tr>\n<tr class=\"row-38\">\n\t<td class=\"column-1\">MBAPPE PENDA Auguste<\/td><td class=\"column-2\">2024<\/td><td class=\"column-3\"><a href=\"http:\/\/www.arbitrage-maritime.org\/CAMP-V3\/wp-content\/uploads\/2016\/02\/109.pdf\" target=\"_blank\" rel=\"noopener noreferrer\"><img loading=\"lazy\" decoding=\"async\" src=\"http:\/\/www.arbitrage-maritime.org\/CAMP-V3\/wp-content\/uploads\/2016\/02\/pdf.jpg\" alt=\"pdf\" width=\"25\" height=\"25\" class=\"alignnone size-full wp-image-384\" \/><\/a><\/td><td class=\"column-4\"><img decoding=\"async\" src=\"http:\/\/www.arbitrage-maritime.org\/CAMP-V3\/wp-content\/uploads\/2016\/02\/109.jpg\" alt=\"54\" class=\"alignnone size-full wp-image-381\" \/><\/td><td class=\"column-5\">Directeur g\u00e9n\u00e9ral du Conseil g\u00e9n\u00e9ral des Chargeurs du Cameroun<\/td><td class=\"column-6\">Contentieux maritime<\/td>\n<\/tr>\n<tr class=\"row-39\">\n\t<td class=\"column-1\">MERLIN Claire<\/td><td class=\"column-2\">2024<\/td><td class=\"column-3\"><a href=\"http:\/\/www.arbitrage-maritime.org\/CAMP-V3\/wp-content\/uploads\/2016\/02\/110.pdf\" target=\"_blank\" rel=\"noopener noreferrer\"><img loading=\"lazy\" decoding=\"async\" src=\"http:\/\/www.arbitrage-maritime.org\/CAMP-V3\/wp-content\/uploads\/2016\/02\/pdf.jpg\" alt=\"pdf\" width=\"25\" height=\"25\" class=\"alignnone size-full wp-image-384\" \/><\/a><\/td><td class=\"column-4\"><\/td><td class=\"column-5\">Docteur en Droit<br \/>\nDirectrice g\u00e9n\u00e9rale du Port autonome de Strasbourg<br \/>\nDirectrice de la strat\u00e9gie, du pilotage et des affaires juridiques GPM Marseille<\/td><td class=\"column-6\">Contentieux maritime<\/td>\n<\/tr>\n<tr class=\"row-40\">\n\t<td class=\"column-1\">NDENDE Martin <\/td><td class=\"column-2\">2013<\/td><td class=\"column-3\"><a href=\"http:\/\/www.arbitrage-maritime.org\/CAMP-V3\/wp-content\/uploads\/2016\/02\/55.pdf\" target=\"_blank\" rel=\"noopener noreferrer\"><img loading=\"lazy\" decoding=\"async\" src=\"http:\/\/www.arbitrage-maritime.org\/CAMP-V3\/wp-content\/uploads\/2016\/02\/pdf.jpg\" alt=\"pdf\" width=\"25\" height=\"25\" class=\"alignnone size-full wp-image-384\" \/><\/a><\/td><td class=\"column-4\"><img loading=\"lazy\" decoding=\"async\" src=\"http:\/\/www.arbitrage-maritime.org\/CAMP-V3\/wp-content\/uploads\/2016\/02\/55.jpg\" alt=\"1\" width=\"50\" height=\"63\" class=\"alignnone size-full wp-image-381\" \/><\/td><td class=\"column-5\">Professeur agr\u00e9g\u00e9 de Droit  <br \/>\nUniversit\u00e9 Nantes, France <br \/>\nConseiller Juridique Hors Classe aux <br \/>\nNations Unies, CEA <br \/>\n(Commission Economique de l'ONU pour l'Afrique).<\/td><td class=\"column-6\">Contentieux maritime<\/td>\n<\/tr>\n<tr class=\"row-41\">\n\t<td class=\"column-1\">NEFFOUS Mohammed Mankour<\/td><td class=\"column-2\">2022<\/td><td class=\"column-3\"><a href=\"http:\/\/www.arbitrage-maritime.org\/CAMP-V3\/wp-content\/uploads\/2016\/02\/104.pdf\" target=\"_blank\" rel=\"noopener noreferrer\"><img loading=\"lazy\" decoding=\"async\" src=\"http:\/\/www.arbitrage-maritime.org\/CAMP-V3\/wp-content\/uploads\/2016\/02\/pdf.jpg\" alt=\"pdf\" width=\"25\" height=\"25\" class=\"alignnone size-full wp-image-384\" \/><\/a><\/td><td class=\"column-4\"><img loading=\"lazy\" decoding=\"async\" src=\"http:\/\/www.arbitrage-maritime.org\/CAMP-V3\/wp-content\/uploads\/2016\/02\/104.jpg\" alt=\"1\" width=\"50\" height=\"63\" class=\"alignnone size-full wp-image-381\" \/><\/td><td class=\"column-5\">DESS Droit maritime <br \/>\nDU Droit compar\u00e9 Copenhague<br \/>\nNeffous Shipping &amp; Consulting - Oran<br \/>\nCorrespondant P&amp;I clubs<br \/>\n<\/td><td class=\"column-6\">Contentieux maritime<\/td>\n<\/tr>\n<tr class=\"row-42\">\n\t<td class=\"column-1\">NICOLAS Bernard <\/td><td class=\"column-2\">1993<\/td><td class=\"column-3\"><\/td><td class=\"column-4\"><\/td><td class=\"column-5\">London Chamber of Com. <br \/>\ncourtier affr\u00e8tement cargaisons s\u00e8ches <br \/>\nEx g\u00e9rant de Fret Marine<\/td><td class=\"column-6\">Affr\u00e8tements<\/td>\n<\/tr>\n<tr class=\"row-43\">\n\t<td class=\"column-1\">OGDEN Eric <br \/>\n<\/td><td class=\"column-2\">2010<\/td><td class=\"column-3\"><\/td><td class=\"column-4\"><\/td><td class=\"column-5\">Expert maritime - Grande plaisance<\/td><td class=\"column-6\">Contentieux maritime grande plaisance<\/td>\n<\/tr>\n<tr class=\"row-44\">\n\t<td class=\"column-1\">ORDINES Bernard<\/td><td class=\"column-2\">2019<\/td><td class=\"column-3\"><\/td><td class=\"column-4\"><img loading=\"lazy\" decoding=\"async\" src=\"http:\/\/www.arbitrage-maritime.org\/CAMP-V3\/wp-content\/uploads\/2016\/02\/97.jpg\" alt=\"42\" width=\"50\" height=\"63\" class=\"alignnone size-full wp-image-381\" \/><\/td><td class=\"column-5\"><\/td><td class=\"column-6\"><\/td>\n<\/tr>\n<tr class=\"row-45\">\n\t<td class=\"column-1\">PIETTE Ga\u00ebl<\/td><td class=\"column-2\">2020<\/td><td class=\"column-3\"><a href=\"http:\/\/www.arbitrage-maritime.org\/CAMP-V3\/wp-content\/uploads\/2016\/02\/100.pdf\" target=\"_blank\" rel=\"noopener noreferrer\"><img loading=\"lazy\" decoding=\"async\" src=\"http:\/\/www.arbitrage-maritime.org\/CAMP-V3\/wp-content\/uploads\/2016\/02\/pdf.jpg\" alt=\"pdf\" width=\"25\" height=\"25\" class=\"alignnone size-full wp-image-384\" \/><\/a><\/td><td class=\"column-4\"><img loading=\"lazy\" decoding=\"async\" src=\"http:\/\/www.arbitrage-maritime.org\/CAMP-V3\/wp-content\/uploads\/2016\/02\/100.jpg\" alt=\"42\" width=\"50\" height=\"63\" class=\"alignnone size-full wp-image-381\" \/><\/td><td class=\"column-5\">Professeur agr\u00e9g\u00e9 de Droit<br \/>\nUniversit\u00e9 Bordeaux, France<\/td><td class=\"column-6\">Litiges maritimes<\/td>\n<\/tr>\n<tr class=\"row-46\">\n\t<td class=\"column-1\">PLURIEN Delphine<\/td><td class=\"column-2\">2018<\/td><td class=\"column-3\"><a href=\"http:\/\/www.arbitrage-maritime.org\/CAMP-V3\/wp-content\/uploads\/2016\/02\/94.pdf\" target=\"_blank\" rel=\"noopener noreferrer\"><img loading=\"lazy\" decoding=\"async\" src=\"http:\/\/www.arbitrage-maritime.org\/CAMP-V3\/wp-content\/uploads\/2016\/02\/pdf.jpg\" alt=\"pdf\" width=\"25\" height=\"25\" class=\"alignnone size-full wp-image-384\" \/><\/a><\/td><td class=\"column-4\"><img loading=\"lazy\" decoding=\"async\" src=\"http:\/\/www.arbitrage-maritime.org\/CAMP-V3\/wp-content\/uploads\/2016\/02\/94.jpg\" alt=\"42\" width=\"50\" height=\"63\" class=\"alignnone size-full wp-image-381\" \/><\/td><td class=\"column-5\">Masters II :<br \/>\nDroit maritime et oc\u00e9anique<br \/>\nDroit des affaires internationales<br \/>\nDroit priv\u00e9<br \/>\nBachelor in maritime law Southampton<br \/>\nResponsable juridique Groupe PIRIOU<br \/>\nEx Dir. Juridique Louis Dreyfus Armateurs<br \/>\n<br \/>\n<\/td><td class=\"column-6\">Constructions &amp; R\u00e9parations navales<br \/>\nTransports &amp; Affr\u00e8tements<br \/>\nAchats &amp; Ventes navires<br \/>\nOp\u00e9rations &amp; Services maritimes<br \/>\nPartenariats<br \/>\nContentieux maritimes<br \/>\n<\/td>\n<\/tr>\n<tr class=\"row-47\">\n\t<td class=\"column-1\">PRAZZO Francisco<\/td><td class=\"column-2\">2025<\/td><td class=\"column-3\"><a href=\"http:\/\/www.arbitrage-maritime.org\/CAMP-V3\/wp-content\/uploads\/2016\/02\/111.pdf\" target=\"_blank\" rel=\"noopener noreferrer\"><img loading=\"lazy\" decoding=\"async\" src=\"http:\/\/www.arbitrage-maritime.org\/CAMP-V3\/wp-content\/uploads\/2016\/02\/pdf.jpg\" alt=\"pdf\" width=\"25\" height=\"25\" class=\"alignnone size-full wp-image-384\" \/><\/a><\/td><td class=\"column-4\"><img loading=\"lazy\" decoding=\"async\" width=\"50\" height=\"63\" src=\"http:\/\/www.arbitrage-maritime.org\/CAMP-V3\/wp-content\/uploads\/2016\/02\/111.jpg\" alt=\"42\" class=\"alignnone size-full wp-image-381\" \/><\/td><td class=\"column-5\">Directeur SBM Offshore<\/td><td class=\"column-6\">Affr\u00e8tements maritimes<\/td>\n<\/tr>\n<tr class=\"row-48\">\n\t<td class=\"column-1\">RAES Peter<\/td><td class=\"column-2\">2004<\/td><td class=\"column-3\"><a href=\"http:\/\/www.arbitrage-maritime.org\/CAMP-V3\/wp-content\/uploads\/2016\/02\/cven\/91.pdf\" target=\"_blank\" rel=\"noopener noreferrer\"><img loading=\"lazy\" decoding=\"async\" src=\"http:\/\/www.arbitrage-maritime.org\/CAMP-V3\/wp-content\/uploads\/2016\/02\/pdf.jpg\" alt=\"pdf\" width=\"25\" height=\"25\" class=\"alignnone size-full wp-image-384\" \/><\/a><\/td><td class=\"column-4\"><\/td><td class=\"column-5\">Master at sea<br \/>\r\nCEO Sea Tankers<\/td><td class=\"column-6\">Ship operating <br \/>\r\nChartering (Wet and dry - LNG - Offshore)<\/td>\n<\/tr>\n<tr class=\"row-49\">\n\t<td class=\"column-1\">RAYNAUT Julien<\/td><td class=\"column-2\">2018<\/td><td class=\"column-3\"><a href=\"http:\/\/www.arbitrage-maritime.org\/CAMP-V3\/wp-content\/uploads\/2016\/02\/95.pdf\" target=\"_blank\" rel=\"noopener noreferrer\"><img loading=\"lazy\" decoding=\"async\" src=\"http:\/\/www.arbitrage-maritime.org\/CAMP-V3\/wp-content\/uploads\/2016\/02\/pdf.jpg\" alt=\"pdf\" width=\"25\" height=\"25\" class=\"alignnone size-full wp-image-384\" \/><\/a><\/td><td class=\"column-4\"><img loading=\"lazy\" decoding=\"async\" src=\"http:\/\/www.arbitrage-maritime.org\/CAMP-V3\/wp-content\/uploads\/2016\/02\/95.jpg\" alt=\"42\" width=\"50\" height=\"63\" class=\"alignnone size-full wp-image-381\" \/><\/td><td class=\"column-5\">- Master 2 en Droit Maritime et des Transports <br \/>\n- Master 2 de Droit Compar\u00e9 <br \/>\n- Master en Droit des Affaires <br \/>\n- Directeur Juridique Bureau Veritas Maritime &amp; Offshore<br \/>\n- Ex Responsable Juridique de SBM Offshore \u00e0 Monaco (construction offshore p\u00e9troli\u00e8re) <br \/>\n- Ex responsable des activit\u00e9s Maritimes et GNL \u00e0 la Direction Juridique d'ENGIE <\/td><td class=\"column-6\">Contentieux Maritime <br \/>\nConstruction navale<br \/>\nR\u00e9paration navale <br \/>\nAffr\u00e8tements <br \/>\nContrats de vente<\/td>\n<\/tr>\n<tr class=\"row-50\">\n\t<td class=\"column-1\">REBORA Jean-Fran\u00e7ois <\/td><td class=\"column-2\">2015<\/td><td class=\"column-3\"><\/td><td class=\"column-4\"><\/td><td class=\"column-5\">Docteur en Droit <br \/>\nDroit des transports <br \/>\nDroit des affaires <br \/>\nDirecteur France P&amp;I<\/td><td class=\"column-6\">Contentieux maritime <br \/>\nP&amp;I Clubs <br \/>\nContrat transports <br \/>\nAffr\u00e8tement <br \/>\nAssurance maritime<\/td>\n<\/tr>\n<tr class=\"row-51\">\n\t<td class=\"column-1\">RICQL\u00c8S (de) J\u00e9r\u00f4me<\/td><td class=\"column-2\">2021<\/td><td class=\"column-3\"><a href=\"http:\/\/www.arbitrage-maritime.org\/CAMP-V3\/wp-content\/uploads\/2016\/02\/102.pdf\" target=\"_blank\" rel=\"noopener noreferrer\"><img loading=\"lazy\" decoding=\"async\" src=\"http:\/\/www.arbitrage-maritime.org\/CAMP-V3\/wp-content\/uploads\/2016\/02\/pdf.jpg\" alt=\"pdf\" width=\"25\" height=\"25\" class=\"alignnone size-full wp-image-384\" \/><\/a><\/td><td class=\"column-4\"><img loading=\"lazy\" decoding=\"async\" src=\"http:\/\/www.arbitrage-maritime.org\/CAMP-V3\/wp-content\/uploads\/2016\/02\/102.jpg\" alt=\"1\" width=\"50\" height=\"63\" class=\"alignnone size-full wp-image-381\" \/><\/td><td class=\"column-5\">DESS Commerce International <\/td><td class=\"column-6\">Lignes r\u00e9guli\u00e8res<\/td>\n<\/tr>\n<tr class=\"row-52\">\n\t<td class=\"column-1\">RIVIER St\u00e9phane <br \/>\n<\/td><td class=\"column-2\">2011<\/td><td class=\"column-3\"><\/td><td class=\"column-4\"><\/td><td class=\"column-5\">C1NM <br \/>\nDESS Droit maritime et transport <br \/>\nPilote maritime Marseille-Fos<\/td><td class=\"column-6\">Contentieux maritime <br \/>\nEv\u00e9nements de mer <br \/>\nvrac liquide <br \/>\nP\u00e9trole, chimique<\/td>\n<\/tr>\n<tr class=\"row-53\">\n\t<td class=\"column-1\">ROBERT de SAINT VICTOR Thierry <br \/>\n<\/td><td class=\"column-2\">2005<\/td><td class=\"column-3\"><\/td><td class=\"column-4\"><\/td><td class=\"column-5\">GM Civil <br \/>\nDr technique Total - Direction Gaz <br \/>\nTotal<\/td><td class=\"column-6\">Ev\u00e9nements de mer <br \/>\nConstruction navale <br \/>\nGaziers<\/td>\n<\/tr>\n<tr class=\"row-54\">\n\t<td class=\"column-1\">SALOTTI Antoine <br \/>\n<\/td><td class=\"column-2\">2005<\/td><td class=\"column-3\"><a href=\"http:\/\/www.arbitrage-maritime.org\/CAMP-V3\/wp-content\/uploads\/2016\/02\/58.pdf\" target=\"_blank\" rel=\"noopener noreferrer\"><img loading=\"lazy\" decoding=\"async\" src=\"http:\/\/www.arbitrage-maritime.org\/CAMP-V3\/wp-content\/uploads\/2016\/02\/pdf.jpg\" alt=\"pdf\" width=\"25\" height=\"25\" class=\"alignnone size-full wp-image-384\" \/><\/a><\/td><td class=\"column-4\"><img loading=\"lazy\" decoding=\"async\" src=\"http:\/\/www.arbitrage-maritime.org\/CAMP-V3\/wp-content\/uploads\/2016\/02\/58.jpg\" alt=\"54\" width=\"50\" height=\"63\" class=\"alignnone size-full wp-image-381\" \/><\/td><td class=\"column-5\">DESS Droit maritime <br \/>\nExpert maritime (Hydromar), Ex-Budd &amp; Wiggins<\/td><td class=\"column-6\">Contentieux maritime <br \/>\nAssurances corps et facult\u00e9s <br \/>\nP&amp;I Clubs <\/td>\n<\/tr>\n<tr class=\"row-55\">\n\t<td class=\"column-1\">SCIBOZ Bertrand<\/td><td class=\"column-2\">2023<\/td><td class=\"column-3\"><a href=\"http:\/\/www.arbitrage-maritime.org\/CAMP-V3\/wp-content\/uploads\/2016\/02\/113.pdf\" target=\"_blank\" rel=\"noopener noreferrer\"><img loading=\"lazy\" decoding=\"async\" src=\"http:\/\/www.arbitrage-maritime.org\/CAMP-V3\/wp-content\/uploads\/2016\/02\/pdf.jpg\" alt=\"pdf\" width=\"25\" height=\"25\" class=\"alignnone size-full wp-image-384\" \/><\/a><\/td><td class=\"column-4\"><img decoding=\"async\" src=\"http:\/\/www.arbitrage-maritime.org\/CAMP-V3\/wp-content\/uploads\/2016\/02\/113.jpg\" alt=\"1\" class=\"alignnone size-full wp-image-381\" \/><\/td><td class=\"column-5\">Consultant<br \/>\nSalvage Master\/ Assistant \u00e0 ma\u00eetre d'ouvrage<br \/>\nExpert sous-marin<br \/>\nExpert judiciaire aupr\u00e8s du procureur maritime du Havre<\/td><td class=\"column-6\">Contentieux maritime<br \/>\nAbordage, assistance<br \/>\nEv\u00e9nements de mer<\/td>\n<\/tr>\n<tr class=\"row-56\">\n\t<td class=\"column-1\">SIOUFI Georges <\/td><td class=\"column-2\">2002<\/td><td class=\"column-3\"><a href=\"http:\/\/www.arbitrage-maritime.org\/CAMP-V3\/wp-content\/uploads\/2016\/02\/59.pdf\" target=\"_blank\" rel=\"noopener noreferrer\"><img loading=\"lazy\" decoding=\"async\" src=\"http:\/\/www.arbitrage-maritime.org\/CAMP-V3\/wp-content\/uploads\/2016\/02\/pdf.jpg\" alt=\"pdf\" width=\"25\" height=\"25\" class=\"alignnone size-full wp-image-384\" \/><\/a><\/td><td class=\"column-4\"><img loading=\"lazy\" decoding=\"async\" src=\"http:\/\/www.arbitrage-maritime.org\/CAMP-V3\/wp-content\/uploads\/2016\/02\/59.jpg\" alt=\"42\" width=\"50\" height=\"63\" class=\"alignnone size-full wp-image-381\" \/><\/td><td class=\"column-5\">DESS Droit Maritime \u2013 Aix Marseille<br \/>\nMaitrise Droit Priv\u00e9 - Paris II Assas<br \/>\nDroit des Affaires<br \/>\nAvocat \u00e0 la Cour<br \/>\nEx-Directeur Juridique CMA CGM<\/td><td class=\"column-6\">Contentieux maritime <br \/>\nAffr\u00e8tements - Transports maritimes<\/td>\n<\/tr>\n<tr class=\"row-57\">\n\t<td class=\"column-1\">THOMAS Jean-Yves <\/td><td class=\"column-2\">1984<\/td><td class=\"column-3\"><a href=\"http:\/\/www.arbitrage-maritime.org\/CAMP-V3\/wp-content\/uploads\/2016\/02\/26.pdf\" target=\"_blank\" rel=\"noopener noreferrer\"><img loading=\"lazy\" decoding=\"async\" src=\"http:\/\/www.arbitrage-maritime.org\/CAMP-V3\/wp-content\/uploads\/2016\/02\/pdf.jpg\" alt=\"pdf\" width=\"25\" height=\"25\" class=\"alignnone size-full wp-image-384\" \/><\/a><\/td><td class=\"column-4\"><img loading=\"lazy\" decoding=\"async\" src=\"http:\/\/www.arbitrage-maritime.org\/CAMP-V3\/wp-content\/uploads\/2016\/02\/26.jpg\" alt=\"42\" width=\"50\" height=\"63\" class=\"alignnone size-full wp-image-381\" \/><\/td><td class=\"column-5\">Capitaine au Long Cours <br \/>\nEx DG Unitramp\/Pdg CMNN <br \/>\nConsultant maritime<\/td><td class=\"column-6\">Exploitation navires <br \/>\nAffr\u00e8tements<\/td>\n<\/tr>\n<tr class=\"row-58\">\n\t<td class=\"column-1\">TOUCHARD Gabriel <br \/>\n<br \/>\n<br \/>\n<br \/>\n<\/td><td class=\"column-2\">2011<\/td><td class=\"column-3\"><a href=\"http:\/\/www.arbitrage-maritime.org\/CAMP-V3\/wp-content\/uploads\/2016\/02\/76.pdf\" target=\"_blank\" rel=\"noopener noreferrer\"><img loading=\"lazy\" decoding=\"async\" src=\"http:\/\/www.arbitrage-maritime.org\/CAMP-V3\/wp-content\/uploads\/2016\/02\/pdf.jpg\" alt=\"pdf\" width=\"25\" height=\"25\" class=\"alignnone size-full wp-image-384\" \/><\/a><\/td><td class=\"column-4\"><img loading=\"lazy\" decoding=\"async\" src=\"http:\/\/www.arbitrage-maritime.org\/CAMP-V3\/wp-content\/uploads\/2016\/02\/76.jpg\" alt=\"42\" width=\"50\" height=\"63\" class=\"alignnone size-full wp-image-381\" \/><\/td><td class=\"column-5\">DESS Droit de la mer et des activit\u00e9s maritimes <br \/>\nMa\u00eetrise de droit international priv\u00e9 et europ\u00e9en <br \/>\nDirection juridique ENGIE<\/td><td class=\"column-6\">Contentieux maritime <br \/>\nContrats transport <br \/>\nAffr\u00eatements <br \/>\nContrats de vente <br \/>\nAssurance maritime<\/td>\n<\/tr>\n<tr class=\"row-59\">\n\t<td class=\"column-1\">VILLETTE Jean <\/td><td class=\"column-2\">1991<\/td><td class=\"column-3\"><\/td><td class=\"column-4\"><\/td><td class=\"column-5\">IEP Paris <br \/>\nN\u00e9goce c\u00e9r\u00e9ales<\/td><td class=\"column-6\">Affr\u00e8tements c\u00e9r\u00e9ales<\/td>\n<\/tr>\n<tr class=\"row-60\">\n\t<td class=\"column-1\">WILLIATTE Jean-Fran\u00e7ois<br \/>\n<br \/>\n<br \/>\n<br \/>\n<br \/>\n<\/td><td class=\"column-2\">2018<\/td><td class=\"column-3\"><a href=\"http:\/\/www.arbitrage-maritime.org\/CAMP-V3\/wp-content\/uploads\/2016\/02\/96.pdf\" target=\"_blank\" rel=\"noopener noreferrer\"><img loading=\"lazy\" decoding=\"async\" src=\"http:\/\/www.arbitrage-maritime.org\/CAMP-V3\/wp-content\/uploads\/2016\/02\/pdf.jpg\" alt=\"pdf\" width=\"25\" height=\"25\" class=\"alignnone size-full wp-image-384\" \/><\/a><\/td><td class=\"column-4\"><img loading=\"lazy\" decoding=\"async\" src=\"http:\/\/www.arbitrage-maritime.org\/CAMP-V3\/wp-content\/uploads\/2016\/02\/96.jpg\" alt=\"42\" width=\"50\" height=\"63\" class=\"alignnone size-full wp-image-381\" \/><\/td><td class=\"column-5\">DEA Droit des affaires et droit \u00e9conomique<br \/>\nESC Le Havre<br \/>\nEx responsable services sinistres Cabinet Besse Nantes<br \/>\nEx secr\u00e9taire g\u00e9n\u00e9ral adjoint CESAM Le Havre<br \/>\n<\/td><td class=\"column-6\">Contentieux maritime<br \/>\nAssurances maritimes<br \/>\n<\/td>\n<\/tr>\n<tr class=\"row-61\">\n\t<td class=\"column-1\">ZAMMIT Imed<\/td><td class=\"column-2\">2024<\/td><td class=\"column-3\"><a href=\"http:\/\/www.arbitrage-maritime.org\/CAMP-V3\/wp-content\/uploads\/2016\/02\/112.pdf\" target=\"_blank\" rel=\"noopener noreferrer\"><img loading=\"lazy\" decoding=\"async\" src=\"http:\/\/www.arbitrage-maritime.org\/CAMP-V3\/wp-content\/uploads\/2016\/02\/pdf.jpg\" alt=\"pdf\" width=\"25\" height=\"25\" class=\"alignnone size-full wp-image-384\" \/><\/a><\/td><td class=\"column-4\"><\/td><td class=\"column-5\">DESS Droit maritime et des transports<br \/>\r\nCapitaine de 1\u00e8re classe de la marine marchande<br \/>\r\nAnc PDG de la COTUNAV<br \/>\r\nDG de IMFMM<br \/>\r\nPDG de l'office de la marine marchande et des ports et<br \/>\r\nPr\u00e9sident de l'autorit\u00e9 maritime tunisienne<\/td><td class=\"column-6\">Transport multimodal<br \/>\r\nSuret\u00e9 maritime<\/td>\n<\/tr>\n<\/tbody>\n<\/table>\n<!-- #tablepress-8 from cache --><\/p>\n","protected":false},"excerpt":{"rendered":"<p>TOUS LES ARBITRES | JURISTES | PRATICIENS DU COMMERCE MARITIME | TECHNICIENS<\/p>\n","protected":false},"author":1,"featured_media":0,"parent":371,"menu_order":0,"comment_status":"closed","ping_status":"closed","template":"fullwidth.php","meta":{"_monsterinsights_skip_tracking":false,"_monsterinsights_sitenote_active":false,"_monsterinsights_sitenote_note":"","_monsterinsights_sitenote_category":0,"footnotes":""},"class_list":["post-769","page","type-page","status-publish","hentry"],"_links":{"self":[{"href":"https:\/\/www.arbitrage-maritime.org\/CAMP-V3\/wp-json\/wp\/v2\/pages\/769","targetHints":{"allow":["GET"]}}],"collection":[{"href":"https:\/\/www.arbitrage-maritime.org\/CAMP-V3\/wp-json\/wp\/v2\/pages"}],"about":[{"href":"https:\/\/www.arbitrage-maritime.org\/CAMP-V3\/wp-json\/wp\/v2\/types\/page"}],"author":[{"embeddable":true,"href":"https:\/\/www.arbitrage-maritime.org\/CAMP-V3\/wp-json\/wp\/v2\/users\/1"}],"replies":[{"embeddable":true,"href":"https:\/\/www.arbitrage-maritime.org\/CAMP-V3\/wp-json\/wp\/v2\/comments?post=769"}],"version-history":[{"count":6,"href":"https:\/\/www.arbitrage-maritime.org\/CAMP-V3\/wp-json\/wp\/v2\/pages\/769\/revisions"}],"predecessor-version":[{"id":1675,"href":"https:\/\/www.arbitrage-maritime.org\/CAMP-V3\/wp-json\/wp\/v2\/pages\/769\/revisions\/1675"}],"up":[{"embeddable":true,"href":"https:\/\/www.arbitrage-maritime.org\/CAMP-V3\/wp-json\/wp\/v2\/pages\/371"}],"wp:attachment":[{"href":"https:\/\/www.arbitrage-maritime.org\/CAMP-V3\/wp-json\/wp\/v2\/media?parent=769"}],"curies":[{"name":"wp","href":"https:\/\/api.w.org\/{rel}","templated":true}]}}